{"id":2739,"date":"2023-07-19T10:10:42","date_gmt":"2023-07-19T09:10:42","guid":{"rendered":"https:\/\/www.brivio.it\/sie-sagen-uber-uns\/"},"modified":"2023-11-28T15:56:15","modified_gmt":"2023-11-28T14:56:15","slug":"testimonials","status":"publish","type":"page","link":"https:\/\/www.brivio.it\/de\/testimonials\/","title":{"rendered":"Sie sagen \u00fcber uns"},"content":{"rendered":"\t\t<div data-elementor-type=\"wp-page\" data-elementor-id=\"2739\" class=\"elementor elementor-2739 elementor-1117\" data-elementor-post-type=\"page\">\n\t\t\t\t\t\t<section class=\"elementor-section elementor-top-section elementor-element elementor-element-0d0bb16 elementor-section-height-min-height elementor-section-items-bottom elementor-section-boxed elementor-section-height-default\" data-id=\"0d0bb16\" data-element_type=\"section\" data-e-type=\"section\" data-settings=\"{&quot;_ob_glider_is_slider&quot;:&quot;no&quot;}\">\n\t\t\t\t\t\t<div class=\"elementor-container elementor-column-gap-default\">\n\t\t\t\t\t<div class=\"elementor-column elementor-col-100 elementor-top-column elementor-element elementor-element-9011d27\" data-id=\"9011d27\" data-element_type=\"column\" data-e-type=\"column\" data-settings=\"{&quot;_ob_column_hoveranimator&quot;:&quot;no&quot;,&quot;_ob_column_has_pseudo&quot;:&quot;no&quot;}\">\n\t\t\t<div class=\"elementor-widget-wrap elementor-element-populated\">\n\t\t\t\t\t\t<div class=\"elementor-element elementor-element-f8c820c ob-harakiri-inherit ob-has-background-overlay elementor-widget elementor-widget-heading\" data-id=\"f8c820c\" data-element_type=\"widget\" data-e-type=\"widget\" data-settings=\"{&quot;_ob_use_harakiri&quot;:&quot;yes&quot;,&quot;_ob_harakiri_writing_mode&quot;:&quot;inherit&quot;,&quot;_ob_harakiri_text_clip&quot;:&quot;none&quot;,&quot;_ob_widget_stalker_use&quot;:&quot;no&quot;,&quot;_ob_poopart_use&quot;:&quot;yes&quot;,&quot;_ob_shadough_use&quot;:&quot;no&quot;,&quot;_ob_allow_hoveranimator&quot;:&quot;no&quot;}\" data-widget_type=\"heading.default\">\n\t\t\t\t<div class=\"elementor-widget-container\">\n\t\t\t\t\t<h2 class=\"elementor-heading-title elementor-size-default\">Sie sagen \u00fcber uns<\/h2>\t\t\t\t<\/div>\n\t\t\t\t<\/div>\n\t\t\t\t<div class=\"elementor-element elementor-element-f7e5e5f ob-harakiri-inherit ob-has-background-overlay elementor-widget elementor-widget-text-editor\" data-id=\"f7e5e5f\" data-element_type=\"widget\" data-e-type=\"widget\" data-settings=\"{&quot;_ob_use_harakiri&quot;:&quot;yes&quot;,&quot;_ob_harakiri_writing_mode&quot;:&quot;inherit&quot;,&quot;_ob_postman_use&quot;:&quot;no&quot;,&quot;_ob_widget_stalker_use&quot;:&quot;no&quot;,&quot;_ob_poopart_use&quot;:&quot;yes&quot;,&quot;_ob_shadough_use&quot;:&quot;no&quot;,&quot;_ob_allow_hoveranimator&quot;:&quot;no&quot;}\" data-widget_type=\"text-editor.default\">\n\t\t\t\t<div class=\"elementor-widget-container\">\n\t\t\t\t\t\t\t\t\t<p>Die Gr\u00fcnde, warum unsere Stakeholder &#8211; Kunden, Lieferanten, Partner &#8211; gerne mit uns zusammenarbeiten.<\/p>\n\t\t\t\t\t\t\t\t<\/div>\n\t\t\t\t<\/div>\n\t\t\t\t<div class=\"elementor-element elementor-element-1383585 elementor-widget-divider--view-line ob-has-background-overlay elementor-widget elementor-widget-divider\" data-id=\"1383585\" data-element_type=\"widget\" data-e-type=\"widget\" data-settings=\"{&quot;_ob_widget_stalker_use&quot;:&quot;no&quot;,&quot;_ob_poopart_use&quot;:&quot;yes&quot;,&quot;_ob_shadough_use&quot;:&quot;no&quot;,&quot;_ob_allow_hoveranimator&quot;:&quot;no&quot;}\" data-widget_type=\"divider.default\">\n\t\t\t\t<div class=\"elementor-widget-container\">\n\t\t\t\t\t\t\t<div class=\"elementor-divider\">\n\t\t\t<span class=\"elementor-divider-separator\">\n\t\t\t\t\t\t<\/span>\n\t\t<\/div>\n\t\t\t\t\t\t<\/div>\n\t\t\t\t<\/div>\n\t\t\t\t\t<\/div>\n\t\t<\/div>\n\t\t\t\t\t<\/div>\n\t\t<\/section>\n\t\t\t\t<section class=\"elementor-section elementor-top-section elementor-element elementor-element-fa85d9a elementor-reverse-mobile elementor-section-boxed elementor-section-height-default elementor-section-height-default\" data-id=\"fa85d9a\" data-element_type=\"section\" data-e-type=\"section\" data-settings=\"{&quot;_ob_glider_is_slider&quot;:&quot;no&quot;}\">\n\t\t\t\t\t\t<div class=\"elementor-container elementor-column-gap-default\">\n\t\t\t\t\t<div class=\"elementor-column elementor-col-50 elementor-top-column elementor-element elementor-element-1bbc707\" data-id=\"1bbc707\" data-element_type=\"column\" data-e-type=\"column\" data-settings=\"{&quot;background_background&quot;:&quot;classic&quot;,&quot;_ob_column_hoveranimator&quot;:&quot;no&quot;,&quot;_ob_column_has_pseudo&quot;:&quot;no&quot;}\">\n\t\t\t<div class=\"elementor-widget-wrap elementor-element-populated\">\n\t\t\t\t\t\t<div class=\"elementor-element elementor-element-8dc932a ob-has-background-overlay elementor-widget elementor-widget-image\" data-id=\"8dc932a\" data-element_type=\"widget\" data-e-type=\"widget\" data-settings=\"{&quot;_ob_photomorph_use&quot;:&quot;no&quot;,&quot;_ob_widget_stalker_use&quot;:&quot;no&quot;,&quot;_ob_poopart_use&quot;:&quot;yes&quot;,&quot;_ob_shadough_use&quot;:&quot;no&quot;,&quot;_ob_allow_hoveranimator&quot;:&quot;no&quot;}\" data-widget_type=\"image.default\">\n\t\t\t\t<div class=\"elementor-widget-container\">\n\t\t\t\t\t\t\t\t\t\t\t\t\t\t\t<img decoding=\"async\" width=\"1\" height=\"1\" src=\"https:\/\/www.brivio.it\/wp-content\/uploads\/2023\/07\/wort_b.svg\" class=\"attachment-large size-large wp-image-1171\" alt=\"\" \/>\t\t\t\t\t\t\t\t\t\t\t\t\t\t\t<\/div>\n\t\t\t\t<\/div>\n\t\t\t\t<div class=\"elementor-element elementor-element-d2370d8 ob-harakiri-inherit ob-has-background-overlay elementor-widget elementor-widget-text-editor\" data-id=\"d2370d8\" data-element_type=\"widget\" data-e-type=\"widget\" data-settings=\"{&quot;_ob_use_harakiri&quot;:&quot;yes&quot;,&quot;_ob_harakiri_writing_mode&quot;:&quot;inherit&quot;,&quot;_ob_postman_use&quot;:&quot;no&quot;,&quot;_ob_widget_stalker_use&quot;:&quot;no&quot;,&quot;_ob_poopart_use&quot;:&quot;yes&quot;,&quot;_ob_shadough_use&quot;:&quot;no&quot;,&quot;_ob_allow_hoveranimator&quot;:&quot;no&quot;}\" data-widget_type=\"text-editor.default\">\n\t\t\t\t<div class=\"elementor-widget-container\">\n\t\t\t\t\t\t\t\t\tJ\u00fcrgen V\u00f6hringer, Gesch\u00e4ftsf\u00fchrer von V\u00f6hringer Leichtbaul\u00f6sungen sagt \u00fcber uns&#8230;\n\t\t\t\t\t\t\t\t<\/div>\n\t\t\t\t<\/div>\n\t\t\t\t<div class=\"elementor-element elementor-element-6cd7534 ob-harakiri-inherit ob-has-background-overlay elementor-widget elementor-widget-text-editor\" data-id=\"6cd7534\" data-element_type=\"widget\" data-e-type=\"widget\" data-settings=\"{&quot;_ob_use_harakiri&quot;:&quot;yes&quot;,&quot;_ob_harakiri_writing_mode&quot;:&quot;inherit&quot;,&quot;_ob_postman_use&quot;:&quot;no&quot;,&quot;_ob_widget_stalker_use&quot;:&quot;no&quot;,&quot;_ob_poopart_use&quot;:&quot;yes&quot;,&quot;_ob_shadough_use&quot;:&quot;no&quot;,&quot;_ob_allow_hoveranimator&quot;:&quot;no&quot;}\" data-widget_type=\"text-editor.default\">\n\t\t\t\t<div class=\"elementor-widget-container\">\n\t\t\t\t\t\t\t\t\t<p>&#8222;Das Unternehmen und die Familie Brivio sind seit den 1970er Jahren unsere Partner. Gemeinsam haben wir fruchtbare und schwierige Zeiten erlebt. Bis heute basiert unsere Beziehung auf Vertrauen, Freundschaft und einem Handschlag.  <br \/>Qualit\u00e4t und Verhalten stehen f\u00fcr unsere Familienphilosophie. Wir sind stolz auf diese Beziehung, die seit Generationen andauert. An Brivio: Herzlichen Gl\u00fcckwunsch zu 90 Jahren Nachhaltigkeit und Erfolg.&#8220;  <\/p>\n\t\t\t\t\t\t\t\t<\/div>\n\t\t\t\t<\/div>\n\t\t\t\t\t<\/div>\n\t\t<\/div>\n\t\t\t\t<div class=\"elementor-column elementor-col-50 elementor-top-column elementor-element elementor-element-2aaefef\" data-id=\"2aaefef\" data-element_type=\"column\" data-e-type=\"column\" data-settings=\"{&quot;_ob_column_hoveranimator&quot;:&quot;no&quot;,&quot;_ob_column_has_pseudo&quot;:&quot;no&quot;}\">\n\t\t\t<div class=\"elementor-widget-wrap elementor-element-populated\">\n\t\t\t\t\t\t<div class=\"elementor-element elementor-element-615b064 elementor-widget__width-inherit elementor-widget-mobile__width-initial ob-has-background-overlay elementor-widget elementor-widget-video\" data-id=\"615b064\" data-element_type=\"widget\" data-e-type=\"widget\" data-settings=\"{&quot;youtube_url&quot;:&quot;https:\\\/\\\/youtube.com\\\/embed\\\/MDXWRy7EqYI?feature=share&quot;,&quot;video_type&quot;:&quot;youtube&quot;,&quot;controls&quot;:&quot;yes&quot;,&quot;_ob_widget_stalker_use&quot;:&quot;no&quot;,&quot;_ob_poopart_use&quot;:&quot;yes&quot;,&quot;_ob_shadough_use&quot;:&quot;no&quot;,&quot;_ob_allow_hoveranimator&quot;:&quot;no&quot;}\" data-widget_type=\"video.default\">\n\t\t\t\t<div class=\"elementor-widget-container\">\n\t\t\t\t\t\t\t<div class=\"elementor-wrapper elementor-open-inline\">\n\t\t\t<div class=\"elementor-video\"><\/div>\t\t<\/div>\n\t\t\t\t\t\t<\/div>\n\t\t\t\t<\/div>\n\t\t\t\t\t<\/div>\n\t\t<\/div>\n\t\t\t\t\t<\/div>\n\t\t<\/section>\n\t\t\t\t<section class=\"elementor-section elementor-top-section elementor-element elementor-element-8a81949 elementor-section-boxed elementor-section-height-default elementor-section-height-default\" data-id=\"8a81949\" data-element_type=\"section\" data-e-type=\"section\" data-settings=\"{&quot;_ob_glider_is_slider&quot;:&quot;no&quot;}\">\n\t\t\t\t\t\t<div class=\"elementor-container elementor-column-gap-default\">\n\t\t\t\t\t<div class=\"elementor-column elementor-col-100 elementor-top-column elementor-element elementor-element-3dfac3b\" data-id=\"3dfac3b\" data-element_type=\"column\" data-e-type=\"column\" data-settings=\"{&quot;background_background&quot;:&quot;classic&quot;,&quot;_ob_column_hoveranimator&quot;:&quot;no&quot;,&quot;_ob_column_has_pseudo&quot;:&quot;no&quot;}\">\n\t\t\t<div class=\"elementor-widget-wrap elementor-element-populated\">\n\t\t\t\t\t\t<div class=\"elementor-element elementor-element-406a5f1 ob-has-background-overlay elementor-widget elementor-widget-image\" data-id=\"406a5f1\" data-element_type=\"widget\" data-e-type=\"widget\" data-settings=\"{&quot;_ob_photomorph_use&quot;:&quot;no&quot;,&quot;_ob_widget_stalker_use&quot;:&quot;no&quot;,&quot;_ob_poopart_use&quot;:&quot;yes&quot;,&quot;_ob_shadough_use&quot;:&quot;no&quot;,&quot;_ob_allow_hoveranimator&quot;:&quot;no&quot;}\" data-widget_type=\"image.default\">\n\t\t\t\t<div class=\"elementor-widget-container\">\n\t\t\t\t\t\t\t\t\t\t\t\t\t\t\t<img fetchpriority=\"high\" decoding=\"async\" width=\"296\" height=\"170\" src=\"https:\/\/www.brivio.it\/wp-content\/uploads\/2023\/07\/download.png\" class=\"attachment-large size-large wp-image-1174\" alt=\"\" \/>\t\t\t\t\t\t\t\t\t\t\t\t\t\t\t<\/div>\n\t\t\t\t<\/div>\n\t\t\t\t<div class=\"elementor-element elementor-element-4b58f4f ob-harakiri-inherit ob-has-background-overlay elementor-widget elementor-widget-text-editor\" data-id=\"4b58f4f\" data-element_type=\"widget\" data-e-type=\"widget\" data-settings=\"{&quot;_ob_use_harakiri&quot;:&quot;yes&quot;,&quot;_ob_harakiri_writing_mode&quot;:&quot;inherit&quot;,&quot;_ob_postman_use&quot;:&quot;no&quot;,&quot;_ob_widget_stalker_use&quot;:&quot;no&quot;,&quot;_ob_poopart_use&quot;:&quot;yes&quot;,&quot;_ob_shadough_use&quot;:&quot;no&quot;,&quot;_ob_allow_hoveranimator&quot;:&quot;no&quot;}\" data-widget_type=\"text-editor.default\">\n\t\t\t\t<div class=\"elementor-widget-container\">\n\t\t\t\t\t\t\t\t\tNicola de Cardenas, Pr\u00e4sident der Assolombarda-Niederlassung in Pavia, sagt \u00fcber uns\n\n\t\t\t\t\t\t\t\t<\/div>\n\t\t\t\t<\/div>\n\t\t\t\t<div class=\"elementor-element elementor-element-d258174 ob-harakiri-inherit ob-has-background-overlay elementor-widget elementor-widget-text-editor\" data-id=\"d258174\" data-element_type=\"widget\" data-e-type=\"widget\" data-settings=\"{&quot;_ob_use_harakiri&quot;:&quot;yes&quot;,&quot;_ob_harakiri_writing_mode&quot;:&quot;inherit&quot;,&quot;_ob_postman_use&quot;:&quot;no&quot;,&quot;_ob_widget_stalker_use&quot;:&quot;no&quot;,&quot;_ob_poopart_use&quot;:&quot;yes&quot;,&quot;_ob_shadough_use&quot;:&quot;no&quot;,&quot;_ob_allow_hoveranimator&quot;:&quot;no&quot;}\" data-widget_type=\"text-editor.default\">\n\t\t\t\t<div class=\"elementor-widget-container\">\n\t\t\t\t\t\t\t\t\t\u201cQualit\u00e4t hat starke Wurzeln&#8220;, behauptet Brivio. Dem kann ich nur zustimmen, aber ich m\u00f6chte hinzuf\u00fcgen: &#8222;Je tiefer die Wurzeln, desto h\u00f6her der Stamm &#8211; das Unternehmen &#8211; und desto h\u00f6her die \u00c4ste&#8220;. Brivio ist eine Unternehmensgeschichte, die fasziniert und fesselt: Im Laufe der Jahre konnte das Unternehmen seine T\u00e4tigkeitsfelder erweitern, seine Produktion diversifizieren, angefangen bei der Pappel aus Pavia bis hin zu den Edelh\u00f6lzern, die immer h\u00f6her und weiter entfernt liegen. Eine Unternehmerfamilie, die unserem Verband und dem Leben des Verbandes immer nahe gestanden hat und die wir seit 1945 an unserer Seite wissen. Brivio ist auch ein leuchtendes Beispiel f\u00fcr die Unternehmenskultur, die in diesem Jahr von der Region Pavia als nationale Hauptstadt gefeiert wird, dank ihres Respekts f\u00fcr das Territorium, die Umwelt mit ihren nat\u00fcrlichen Kreisl\u00e4ufen und ihrer Ausrichtung auf Arbeit und Menschen.&#8220;\n\t\t\t\t\t\t\t\t<\/div>\n\t\t\t\t<\/div>\n\t\t\t\t\t<\/div>\n\t\t<\/div>\n\t\t\t\t\t<\/div>\n\t\t<\/section>\n\t\t\t\t<section class=\"elementor-section elementor-top-section elementor-element elementor-element-ae910a1 elementor-reverse-mobile elementor-section-boxed elementor-section-height-default elementor-section-height-default\" data-id=\"ae910a1\" data-element_type=\"section\" data-e-type=\"section\" data-settings=\"{&quot;_ob_glider_is_slider&quot;:&quot;no&quot;}\">\n\t\t\t\t\t\t<div class=\"elementor-container elementor-column-gap-default\">\n\t\t\t\t\t<div class=\"elementor-column elementor-col-50 elementor-top-column elementor-element elementor-element-1781a19\" data-id=\"1781a19\" data-element_type=\"column\" data-e-type=\"column\" data-settings=\"{&quot;_ob_column_hoveranimator&quot;:&quot;no&quot;,&quot;_ob_column_has_pseudo&quot;:&quot;no&quot;}\">\n\t\t\t<div class=\"elementor-widget-wrap elementor-element-populated\">\n\t\t\t\t\t\t<div class=\"elementor-element elementor-element-44ef87e ob-has-background-overlay elementor-widget elementor-widget-gallery\" data-id=\"44ef87e\" data-element_type=\"widget\" data-e-type=\"widget\" data-settings=\"{&quot;gallery_layout&quot;:&quot;masonry&quot;,&quot;columns&quot;:2,&quot;columns_mobile&quot;:2,&quot;lazyload&quot;:&quot;yes&quot;,&quot;columns_tablet&quot;:2,&quot;gap&quot;:{&quot;unit&quot;:&quot;px&quot;,&quot;size&quot;:10,&quot;sizes&quot;:[]},&quot;gap_tablet&quot;:{&quot;unit&quot;:&quot;px&quot;,&quot;size&quot;:10,&quot;sizes&quot;:[]},&quot;gap_mobile&quot;:{&quot;unit&quot;:&quot;px&quot;,&quot;size&quot;:10,&quot;sizes&quot;:[]},&quot;link_to&quot;:&quot;file&quot;,&quot;overlay_background&quot;:&quot;yes&quot;,&quot;content_hover_animation&quot;:&quot;fade-in&quot;,&quot;_ob_widget_stalker_use&quot;:&quot;no&quot;,&quot;_ob_poopart_use&quot;:&quot;yes&quot;,&quot;_ob_shadough_use&quot;:&quot;no&quot;,&quot;_ob_allow_hoveranimator&quot;:&quot;no&quot;}\" data-widget_type=\"gallery.default\">\n\t\t\t\t<div class=\"elementor-widget-container\">\n\t\t\t\t\t\t\t<div class=\"elementor-gallery__container\">\n\t\t\t\t\t\t\t<a class=\"e-gallery-item elementor-gallery-item elementor-animated-content\" href=\"https:\/\/www.brivio.it\/wp-content\/uploads\/2023\/07\/arena-di-verona-allestimenti-brivio-compensati-6.jpg\" data-elementor-open-lightbox=\"yes\" data-elementor-lightbox-slideshow=\"44ef87e\" data-elementor-lightbox-title=\"Arena von Verona-Allestimenti-Brivio-kompensiert\" data-e-action-hash=\"#elementor-action%3Aaction%3Dlightbox%26settings%3DeyJpZCI6MTE0MiwidXJsIjoiaHR0cHM6XC9cL3d3dy5icml2aW8uaXRcL3dwLWNvbnRlbnRcL3VwbG9hZHNcLzIwMjNcLzA3XC9hcmVuYS1kaS12ZXJvbmEtYWxsZXN0aW1lbnRpLWJyaXZpby1jb21wZW5zYXRpLTYuanBnIiwic2xpZGVzaG93IjoiNDRlZjg3ZSJ9\">\n\t\t\t\t\t<div class=\"e-gallery-image elementor-gallery-item__image\" data-thumbnail=\"https:\/\/www.brivio.it\/wp-content\/uploads\/2023\/07\/aida-2-300x135.jpg\" data-width=\"300\" data-height=\"135\" aria-label=\"Arena von Verona-Allestimenti-Brivio-kompensiert\" role=\"img\" ><\/div>\n\t\t\t\t\t\t\t\t\t\t\t<div class=\"elementor-gallery-item__overlay\"><\/div>\n\t\t\t\t\t\t\t\t\t\t\t\t\t\t<\/a>\n\t\t\t\t\t\t\t<a class=\"e-gallery-item elementor-gallery-item elementor-animated-content\" href=\"https:\/\/www.brivio.it\/wp-content\/uploads\/2023\/07\/arena-di-verona-allestimenti-brivio-compensati-5.jpg\" data-elementor-open-lightbox=\"yes\" data-elementor-lightbox-slideshow=\"44ef87e\" data-elementor-lightbox-title=\"rigoletto 1\" data-e-action-hash=\"#elementor-action%3Aaction%3Dlightbox%26settings%3DeyJpZCI6MTE0NSwidXJsIjoiaHR0cHM6XC9cL3d3dy5icml2aW8uaXRcL3dwLWNvbnRlbnRcL3VwbG9hZHNcLzIwMjNcLzA3XC9hcmVuYS1kaS12ZXJvbmEtYWxsZXN0aW1lbnRpLWJyaXZpby1jb21wZW5zYXRpLTUuanBnIiwic2xpZGVzaG93IjoiNDRlZjg3ZSJ9\">\n\t\t\t\t\t<div class=\"e-gallery-image elementor-gallery-item__image\" data-thumbnail=\"https:\/\/www.brivio.it\/wp-content\/uploads\/2023\/07\/rigoletto-1-300x135.jpg\" data-width=\"300\" data-height=\"135\" aria-label=\"Arena von Verona-Allestimenti-Brivio-kompensiert\" role=\"img\" ><\/div>\n\t\t\t\t\t\t\t\t\t\t\t<div class=\"elementor-gallery-item__overlay\"><\/div>\n\t\t\t\t\t\t\t\t\t\t\t\t\t\t<\/a>\n\t\t\t\t\t\t\t<a class=\"e-gallery-item elementor-gallery-item elementor-animated-content\" href=\"https:\/\/www.brivio.it\/wp-content\/uploads\/2023\/07\/arena-di-verona-allestimenti-brivio-compensati-4.jpg\" data-elementor-open-lightbox=\"yes\" data-elementor-lightbox-slideshow=\"44ef87e\" data-elementor-lightbox-title=\"rigoletto 4\" data-e-action-hash=\"#elementor-action%3Aaction%3Dlightbox%26settings%3DeyJpZCI6MTE0OCwidXJsIjoiaHR0cHM6XC9cL3d3dy5icml2aW8uaXRcL3dwLWNvbnRlbnRcL3VwbG9hZHNcLzIwMjNcLzA3XC9hcmVuYS1kaS12ZXJvbmEtYWxsZXN0aW1lbnRpLWJyaXZpby1jb21wZW5zYXRpLTQuanBnIiwic2xpZGVzaG93IjoiNDRlZjg3ZSJ9\">\n\t\t\t\t\t<div class=\"e-gallery-image elementor-gallery-item__image\" data-thumbnail=\"https:\/\/www.brivio.it\/wp-content\/uploads\/2023\/07\/rigoletto-4-300x135.jpg\" data-width=\"300\" data-height=\"135\" aria-label=\"Arena von Verona-Allestimenti-Brivio-kompensiert\" role=\"img\" ><\/div>\n\t\t\t\t\t\t\t\t\t\t\t<div class=\"elementor-gallery-item__overlay\"><\/div>\n\t\t\t\t\t\t\t\t\t\t\t\t\t\t<\/a>\n\t\t\t\t\t\t\t<a class=\"e-gallery-item elementor-gallery-item elementor-animated-content\" href=\"https:\/\/www.brivio.it\/wp-content\/uploads\/2023\/07\/arena-di-verona-allestimenti-brivio-compensati-3.jpg\" data-elementor-open-lightbox=\"yes\" data-elementor-lightbox-slideshow=\"44ef87e\" data-elementor-lightbox-title=\"rigoletto 5\" data-e-action-hash=\"#elementor-action%3Aaction%3Dlightbox%26settings%3DeyJpZCI6MTE1MSwidXJsIjoiaHR0cHM6XC9cL3d3dy5icml2aW8uaXRcL3dwLWNvbnRlbnRcL3VwbG9hZHNcLzIwMjNcLzA3XC9hcmVuYS1kaS12ZXJvbmEtYWxsZXN0aW1lbnRpLWJyaXZpby1jb21wZW5zYXRpLTMuanBnIiwic2xpZGVzaG93IjoiNDRlZjg3ZSJ9\">\n\t\t\t\t\t<div class=\"e-gallery-image elementor-gallery-item__image\" data-thumbnail=\"https:\/\/www.brivio.it\/wp-content\/uploads\/2023\/07\/rigoletto-5-1-300x135.jpg\" data-width=\"300\" data-height=\"135\" aria-label=\"Arena von Verona-Allestimenti-Brivio-kompensiert\" role=\"img\" ><\/div>\n\t\t\t\t\t\t\t\t\t\t\t<div class=\"elementor-gallery-item__overlay\"><\/div>\n\t\t\t\t\t\t\t\t\t\t\t\t\t\t<\/a>\n\t\t\t\t\t\t\t<a class=\"e-gallery-item elementor-gallery-item elementor-animated-content\" href=\"https:\/\/www.brivio.it\/wp-content\/uploads\/2023\/07\/arena-di-verona-allestimenti-brivio-compensati-2.jpg\" data-elementor-open-lightbox=\"yes\" data-elementor-lightbox-slideshow=\"44ef87e\" data-elementor-lightbox-title=\"rigoletto 7\" data-e-action-hash=\"#elementor-action%3Aaction%3Dlightbox%26settings%3DeyJpZCI6MTE1NCwidXJsIjoiaHR0cHM6XC9cL3d3dy5icml2aW8uaXRcL3dwLWNvbnRlbnRcL3VwbG9hZHNcLzIwMjNcLzA3XC9hcmVuYS1kaS12ZXJvbmEtYWxsZXN0aW1lbnRpLWJyaXZpby1jb21wZW5zYXRpLTIuanBnIiwic2xpZGVzaG93IjoiNDRlZjg3ZSJ9\">\n\t\t\t\t\t<div class=\"e-gallery-image elementor-gallery-item__image\" data-thumbnail=\"https:\/\/www.brivio.it\/wp-content\/uploads\/2023\/07\/rigoletto-7-300x135.jpg\" data-width=\"300\" data-height=\"135\" aria-label=\"Arena von Verona-Allestimenti-Brivio-kompensiert\" role=\"img\" ><\/div>\n\t\t\t\t\t\t\t\t\t\t\t<div class=\"elementor-gallery-item__overlay\"><\/div>\n\t\t\t\t\t\t\t\t\t\t\t\t\t\t<\/a>\n\t\t\t\t\t\t\t<a class=\"e-gallery-item elementor-gallery-item elementor-animated-content\" href=\"https:\/\/www.brivio.it\/wp-content\/uploads\/2023\/07\/arena-di-verona-allestimenti-brivio-compensati.jpg\" data-elementor-open-lightbox=\"yes\" data-elementor-lightbox-slideshow=\"44ef87e\" data-elementor-lightbox-title=\"rigoletto 8\" data-e-action-hash=\"#elementor-action%3Aaction%3Dlightbox%26settings%3DeyJpZCI6MTE1NywidXJsIjoiaHR0cHM6XC9cL3d3dy5icml2aW8uaXRcL3dwLWNvbnRlbnRcL3VwbG9hZHNcLzIwMjNcLzA3XC9hcmVuYS1kaS12ZXJvbmEtYWxsZXN0aW1lbnRpLWJyaXZpby1jb21wZW5zYXRpLmpwZyIsInNsaWRlc2hvdyI6IjQ0ZWY4N2UifQ%3D%3D\">\n\t\t\t\t\t<div class=\"e-gallery-image elementor-gallery-item__image\" data-thumbnail=\"https:\/\/www.brivio.it\/wp-content\/uploads\/2023\/07\/rigoletto-8-300x135.jpg\" data-width=\"300\" data-height=\"135\" aria-label=\"Arena von Verona-Allestimenti-Brivio-kompensiert\" role=\"img\" ><\/div>\n\t\t\t\t\t\t\t\t\t\t\t<div class=\"elementor-gallery-item__overlay\"><\/div>\n\t\t\t\t\t\t\t\t\t\t\t\t\t\t<\/a>\n\t\t\t\t\t<\/div>\n\t\t\t\t\t<\/div>\n\t\t\t\t<\/div>\n\t\t\t\t\t<\/div>\n\t\t<\/div>\n\t\t\t\t<div class=\"elementor-column elementor-col-50 elementor-top-column elementor-element elementor-element-354b770\" data-id=\"354b770\" data-element_type=\"column\" data-e-type=\"column\" data-settings=\"{&quot;background_background&quot;:&quot;classic&quot;,&quot;_ob_column_hoveranimator&quot;:&quot;no&quot;,&quot;_ob_column_has_pseudo&quot;:&quot;no&quot;}\">\n\t\t\t<div class=\"elementor-widget-wrap elementor-element-populated\">\n\t\t\t\t\t\t<div class=\"elementor-element elementor-element-8c6521c ob-has-background-overlay elementor-widget elementor-widget-image\" data-id=\"8c6521c\" data-element_type=\"widget\" data-e-type=\"widget\" data-settings=\"{&quot;_ob_photomorph_use&quot;:&quot;no&quot;,&quot;_ob_widget_stalker_use&quot;:&quot;no&quot;,&quot;_ob_poopart_use&quot;:&quot;yes&quot;,&quot;_ob_shadough_use&quot;:&quot;no&quot;,&quot;_ob_allow_hoveranimator&quot;:&quot;no&quot;}\" data-widget_type=\"image.default\">\n\t\t\t\t<div class=\"elementor-widget-container\">\n\t\t\t\t\t\t\t\t\t\t\t\t\t\t\t<img decoding=\"async\" width=\"1\" height=\"1\" src=\"https:\/\/www.brivio.it\/wp-content\/uploads\/2023\/07\/arena-di-verona.svg\" class=\"attachment-large size-large wp-image-1177\" alt=\"Arena von Verona\" \/>\t\t\t\t\t\t\t\t\t\t\t\t\t\t\t<\/div>\n\t\t\t\t<\/div>\n\t\t\t\t<div class=\"elementor-element elementor-element-fca12ed ob-harakiri-inherit ob-has-background-overlay elementor-widget elementor-widget-text-editor\" data-id=\"fca12ed\" data-element_type=\"widget\" data-e-type=\"widget\" data-settings=\"{&quot;_ob_use_harakiri&quot;:&quot;yes&quot;,&quot;_ob_harakiri_writing_mode&quot;:&quot;inherit&quot;,&quot;_ob_postman_use&quot;:&quot;no&quot;,&quot;_ob_widget_stalker_use&quot;:&quot;no&quot;,&quot;_ob_poopart_use&quot;:&quot;yes&quot;,&quot;_ob_shadough_use&quot;:&quot;no&quot;,&quot;_ob_allow_hoveranimator&quot;:&quot;no&quot;}\" data-widget_type=\"text-editor.default\">\n\t\t\t\t<div class=\"elementor-widget-container\">\n\t\t\t\t\t\t\t\t\tAngelo Finamore\nLaborleiter Arena di Verona\n\t\t\t\t\t\t\t\t<\/div>\n\t\t\t\t<\/div>\n\t\t\t\t<div class=\"elementor-element elementor-element-26b801d ob-harakiri-inherit ob-has-background-overlay elementor-widget elementor-widget-text-editor\" data-id=\"26b801d\" data-element_type=\"widget\" data-e-type=\"widget\" data-settings=\"{&quot;_ob_use_harakiri&quot;:&quot;yes&quot;,&quot;_ob_harakiri_writing_mode&quot;:&quot;inherit&quot;,&quot;_ob_postman_use&quot;:&quot;no&quot;,&quot;_ob_widget_stalker_use&quot;:&quot;no&quot;,&quot;_ob_poopart_use&quot;:&quot;yes&quot;,&quot;_ob_shadough_use&quot;:&quot;no&quot;,&quot;_ob_allow_hoveranimator&quot;:&quot;no&quot;}\" data-widget_type=\"text-editor.default\">\n\t\t\t\t<div class=\"elementor-widget-container\">\n\t\t\t\t\t\t\t\t\t<p>&#8222;In der prestigetr\u00e4chtigen Arena von Verona werden zwei ber\u00fchmte Opern von Giuseppe Verdi, n\u00e4mlich Aida und Rigoletto, aufgef\u00fchrt. F\u00fcr diese au\u00dfergew\u00f6hnlichen Theatervorstellungen werden beeindruckende Kulissen verwendet, die von der renommierten Firma Brivio Compensati geliefert werden.&#8220;<\/p>\n\t\t\t\t\t\t\t\t<\/div>\n\t\t\t\t<\/div>\n\t\t\t\t\t<\/div>\n\t\t<\/div>\n\t\t\t\t\t<\/div>\n\t\t<\/section>\n\t\t\t\t<section class=\"elementor-section elementor-top-section elementor-element elementor-element-01df76a elementor-section-boxed elementor-section-height-default elementor-section-height-default\" data-id=\"01df76a\" data-element_type=\"section\" data-e-type=\"section\" data-settings=\"{&quot;_ob_glider_is_slider&quot;:&quot;no&quot;}\">\n\t\t\t\t\t\t<div class=\"elementor-container elementor-column-gap-default\">\n\t\t\t\t\t<div class=\"elementor-column elementor-col-100 elementor-top-column elementor-element elementor-element-12923f7\" data-id=\"12923f7\" data-element_type=\"column\" data-e-type=\"column\" data-settings=\"{&quot;background_background&quot;:&quot;classic&quot;,&quot;_ob_column_hoveranimator&quot;:&quot;no&quot;,&quot;_ob_column_has_pseudo&quot;:&quot;no&quot;}\">\n\t\t\t<div class=\"elementor-widget-wrap elementor-element-populated\">\n\t\t\t\t\t\t<div class=\"elementor-element elementor-element-697898f ob-harakiri-inherit ob-has-background-overlay elementor-widget elementor-widget-text-editor\" data-id=\"697898f\" data-element_type=\"widget\" data-e-type=\"widget\" data-settings=\"{&quot;_ob_use_harakiri&quot;:&quot;yes&quot;,&quot;_ob_harakiri_writing_mode&quot;:&quot;inherit&quot;,&quot;_ob_postman_use&quot;:&quot;no&quot;,&quot;_ob_widget_stalker_use&quot;:&quot;no&quot;,&quot;_ob_poopart_use&quot;:&quot;yes&quot;,&quot;_ob_shadough_use&quot;:&quot;no&quot;,&quot;_ob_allow_hoveranimator&quot;:&quot;no&quot;}\" data-widget_type=\"text-editor.default\">\n\t\t\t\t<div class=\"elementor-widget-container\">\n\t\t\t\t\t\t\t\t\tXavier Brasset von BRASSET Eurl &#8211; Frankreich, sagt \u00fcber uns&#8230;\n\t\t\t\t\t\t\t\t<\/div>\n\t\t\t\t<\/div>\n\t\t\t\t<div class=\"elementor-element elementor-element-4a51406 ob-harakiri-inherit ob-has-background-overlay elementor-widget elementor-widget-text-editor\" data-id=\"4a51406\" data-element_type=\"widget\" data-e-type=\"widget\" data-settings=\"{&quot;_ob_use_harakiri&quot;:&quot;yes&quot;,&quot;_ob_harakiri_writing_mode&quot;:&quot;inherit&quot;,&quot;_ob_postman_use&quot;:&quot;no&quot;,&quot;_ob_widget_stalker_use&quot;:&quot;no&quot;,&quot;_ob_poopart_use&quot;:&quot;yes&quot;,&quot;_ob_shadough_use&quot;:&quot;no&quot;,&quot;_ob_allow_hoveranimator&quot;:&quot;no&quot;}\" data-widget_type=\"text-editor.default\">\n\t\t\t\t<div class=\"elementor-widget-container\">\n\t\t\t\t\t\t\t\t\t&#8222;Ich liefere seit 2005 Pappelst\u00e4mme an die Firma BRIVIO. Es ist ein Unternehmen, mit dem ich vertrauensvoll zusammenarbeite. Die Pappel wird dank ihrer Kompetenz und Seriosit\u00e4t sehr gesch\u00e4tzt. Sie z\u00f6gern nicht, den richtigen Preis zu zahlen und den Lieferanten schnell zu bezahlen. Sie sind immer hilfsbereit. Es ist immer ein Vergn\u00fcgen, die Firma Brivio zu besuchen, denn im Laufe der Zeit sind die Kunden zu Freunden geworden.&#8220;\n\t\t\t\t\t\t\t\t<\/div>\n\t\t\t\t<\/div>\n\t\t\t\t\t<\/div>\n\t\t<\/div>\n\t\t\t\t\t<\/div>\n\t\t<\/section>\n\t\t\t\t<section class=\"elementor-section elementor-top-section elementor-element elementor-element-b01064a elementor-section-boxed elementor-section-height-default elementor-section-height-default\" data-id=\"b01064a\" data-element_type=\"section\" data-e-type=\"section\" data-settings=\"{&quot;_ob_glider_is_slider&quot;:&quot;no&quot;}\">\n\t\t\t\t\t\t<div class=\"elementor-container elementor-column-gap-default\">\n\t\t\t\t\t<div class=\"elementor-column elementor-col-50 elementor-top-column elementor-element elementor-element-2acd650\" data-id=\"2acd650\" data-element_type=\"column\" data-e-type=\"column\" data-settings=\"{&quot;_ob_column_hoveranimator&quot;:&quot;no&quot;,&quot;_ob_column_has_pseudo&quot;:&quot;no&quot;}\">\n\t\t\t<div class=\"elementor-widget-wrap elementor-element-populated\">\n\t\t\t\t\t\t<div class=\"elementor-element elementor-element-d73053f e-transform ob-has-background-overlay elementor-widget elementor-widget-image\" data-id=\"d73053f\" data-element_type=\"widget\" data-e-type=\"widget\" data-settings=\"{&quot;_transform_flipX_effect&quot;:&quot;transform&quot;,&quot;_ob_photomorph_use&quot;:&quot;no&quot;,&quot;_ob_widget_stalker_use&quot;:&quot;no&quot;,&quot;_ob_poopart_use&quot;:&quot;yes&quot;,&quot;_ob_shadough_use&quot;:&quot;no&quot;,&quot;_ob_allow_hoveranimator&quot;:&quot;no&quot;}\" data-widget_type=\"image.default\">\n\t\t\t\t<div class=\"elementor-widget-container\">\n\t\t\t\t\t\t\t\t\t\t\t\t\t\t\t<img loading=\"lazy\" decoding=\"async\" width=\"800\" height=\"534\" src=\"https:\/\/www.brivio.it\/wp-content\/uploads\/2023\/10\/Sperrholz_Nautik_Sektor-1024x683.jpg\" class=\"attachment-large size-large wp-image-2122\" alt=\"Sperrholz_Nautik_Sektor\" srcset=\"https:\/\/www.brivio.it\/wp-content\/uploads\/2023\/10\/Sperrholz_Nautik_Sektor-1024x683.jpg 1024w, https:\/\/www.brivio.it\/wp-content\/uploads\/2023\/10\/Sperrholz_Nautik_Sektor-300x200.jpg 300w, https:\/\/www.brivio.it\/wp-content\/uploads\/2023\/10\/Sperrholz_Nautik_Sektor-600x400.jpg 600w, https:\/\/www.brivio.it\/wp-content\/uploads\/2023\/10\/Sperrholz_Nautik_Sektor-768x512.jpg 768w, https:\/\/www.brivio.it\/wp-content\/uploads\/2023\/10\/Sperrholz_Nautik_Sektor.jpg 1200w\" sizes=\"(max-width: 800px) 100vw, 800px\" \/>\t\t\t\t\t\t\t\t\t\t\t\t\t\t\t<\/div>\n\t\t\t\t<\/div>\n\t\t\t\t\t<\/div>\n\t\t<\/div>\n\t\t\t\t<div class=\"elementor-column elementor-col-50 elementor-top-column elementor-element elementor-element-3c15a8b\" data-id=\"3c15a8b\" data-element_type=\"column\" data-e-type=\"column\" data-settings=\"{&quot;background_background&quot;:&quot;classic&quot;,&quot;_ob_column_hoveranimator&quot;:&quot;no&quot;,&quot;_ob_column_has_pseudo&quot;:&quot;no&quot;}\">\n\t\t\t<div class=\"elementor-widget-wrap elementor-element-populated\">\n\t\t\t\t\t\t<div class=\"elementor-element elementor-element-0cca20a ob-has-background-overlay elementor-widget elementor-widget-image\" data-id=\"0cca20a\" data-element_type=\"widget\" data-e-type=\"widget\" data-settings=\"{&quot;_ob_photomorph_use&quot;:&quot;no&quot;,&quot;_ob_widget_stalker_use&quot;:&quot;no&quot;,&quot;_ob_poopart_use&quot;:&quot;yes&quot;,&quot;_ob_shadough_use&quot;:&quot;no&quot;,&quot;_ob_allow_hoveranimator&quot;:&quot;no&quot;}\" data-widget_type=\"image.default\">\n\t\t\t\t<div class=\"elementor-widget-container\">\n\t\t\t\t\t\t\t\t\t\t\t\t\t\t\t<img loading=\"lazy\" decoding=\"async\" width=\"800\" height=\"347\" src=\"https:\/\/www.brivio.it\/wp-content\/uploads\/2023\/07\/42be892300d946eb9797ea4415068680-1024x444.jpg\" class=\"attachment-large size-large wp-image-1167\" alt=\"\" srcset=\"https:\/\/www.brivio.it\/wp-content\/uploads\/2023\/07\/42be892300d946eb9797ea4415068680-1024x444.jpg 1024w, https:\/\/www.brivio.it\/wp-content\/uploads\/2023\/07\/42be892300d946eb9797ea4415068680-600x260.jpg 600w, https:\/\/www.brivio.it\/wp-content\/uploads\/2023\/07\/42be892300d946eb9797ea4415068680-300x130.jpg 300w, https:\/\/www.brivio.it\/wp-content\/uploads\/2023\/07\/42be892300d946eb9797ea4415068680-768x333.jpg 768w, https:\/\/www.brivio.it\/wp-content\/uploads\/2023\/07\/42be892300d946eb9797ea4415068680-1536x667.jpg 1536w, https:\/\/www.brivio.it\/wp-content\/uploads\/2023\/07\/42be892300d946eb9797ea4415068680-2048x889.jpg 2048w\" sizes=\"(max-width: 800px) 100vw, 800px\" \/>\t\t\t\t\t\t\t\t\t\t\t\t\t\t\t<\/div>\n\t\t\t\t<\/div>\n\t\t\t\t<div class=\"elementor-element elementor-element-295625c ob-harakiri-inherit ob-has-background-overlay elementor-widget elementor-widget-text-editor\" data-id=\"295625c\" data-element_type=\"widget\" data-e-type=\"widget\" data-settings=\"{&quot;_ob_use_harakiri&quot;:&quot;yes&quot;,&quot;_ob_harakiri_writing_mode&quot;:&quot;inherit&quot;,&quot;_ob_postman_use&quot;:&quot;no&quot;,&quot;_ob_widget_stalker_use&quot;:&quot;no&quot;,&quot;_ob_poopart_use&quot;:&quot;yes&quot;,&quot;_ob_shadough_use&quot;:&quot;no&quot;,&quot;_ob_allow_hoveranimator&quot;:&quot;no&quot;}\" data-widget_type=\"text-editor.default\">\n\t\t\t\t<div class=\"elementor-widget-container\">\n\t\t\t\t\t\t\t\t\tDie Familie Cranchi in der Stimme von Paola Cranchi sagt \u00fcber uns\n\t\t\t\t\t\t\t\t<\/div>\n\t\t\t\t<\/div>\n\t\t\t\t<div class=\"elementor-element elementor-element-a8bbb02 ob-harakiri-inherit ob-has-background-overlay elementor-widget elementor-widget-text-editor\" data-id=\"a8bbb02\" data-element_type=\"widget\" data-e-type=\"widget\" data-settings=\"{&quot;_ob_use_harakiri&quot;:&quot;yes&quot;,&quot;_ob_harakiri_writing_mode&quot;:&quot;inherit&quot;,&quot;_ob_postman_use&quot;:&quot;no&quot;,&quot;_ob_widget_stalker_use&quot;:&quot;no&quot;,&quot;_ob_poopart_use&quot;:&quot;yes&quot;,&quot;_ob_shadough_use&quot;:&quot;no&quot;,&quot;_ob_allow_hoveranimator&quot;:&quot;no&quot;}\" data-widget_type=\"text-editor.default\">\n\t\t\t\t<div class=\"elementor-widget-container\">\n\t\t\t\t\t\t\t\t\t<p>&#8222;Ende der 1990er Jahre &#8211; in diesem Jahr besteht die Zusammenarbeit seit 25 Jahren &#8211; begannen wir mit dem Unternehmen Brivio Compensati, das sich im Besitz der Familie Brivio befindet und auf die Herstellung von Speziallaminaten spezialisiert ist. Im Laufe der Jahre haben wir Furniere, Edelh\u00f6lzer und Verbundplatten eingekauft, was wir auch heute noch tun. <\/p>\n<\/p>\n<p>Wir sind sehr zufrieden mit dieser einzigartigen und besonderen Zusammenarbeit, weil wir es mit einem Lieferanten zu tun haben, der sehr aufmerksam auf unsere W\u00fcnsche und Bed\u00fcrfnisse eingeht und mit dem wir dank gemeinsamer Ideen eine neue Art der Produktion mit gr\u00f6\u00dferem Augenmerk auf Qualit\u00e4t, Flexibilit\u00e4t und Kundenservice realisieren konnten, indem wir &#8211; Saison f\u00fcr Saison &#8211; die Produkte erneuern. Diese gemeinsam entwickelten Produkte waren im Laufe der Jahre ein gro\u00dfer Erfolg beim Publikum, und aus diesem Grund danken wir dem Unternehmen und der Familie Brivio \u00f6ffentlich.&#8220; <\/p>\n\t\t\t\t\t\t\t\t<\/div>\n\t\t\t\t<\/div>\n\t\t\t\t\t<\/div>\n\t\t<\/div>\n\t\t\t\t\t<\/div>\n\t\t<\/section>\n\t\t\t\t<section class=\"elementor-section elementor-top-section elementor-element elementor-element-963c442 elementor-section-boxed elementor-section-height-default elementor-section-height-default\" data-id=\"963c442\" data-element_type=\"section\" data-e-type=\"section\" data-settings=\"{&quot;_ob_glider_is_slider&quot;:&quot;no&quot;}\">\n\t\t\t\t\t\t<div class=\"elementor-container elementor-column-gap-default\">\n\t\t\t\t\t<div class=\"elementor-column elementor-col-100 elementor-top-column elementor-element elementor-element-35701f2\" data-id=\"35701f2\" data-element_type=\"column\" data-e-type=\"column\" data-settings=\"{&quot;background_background&quot;:&quot;classic&quot;,&quot;_ob_column_hoveranimator&quot;:&quot;no&quot;,&quot;_ob_column_has_pseudo&quot;:&quot;no&quot;}\">\n\t\t\t<div class=\"elementor-widget-wrap elementor-element-populated\">\n\t\t\t\t\t\t<div class=\"elementor-element elementor-element-0cd1bd5 ob-harakiri-inherit ob-has-background-overlay elementor-widget elementor-widget-text-editor\" data-id=\"0cd1bd5\" data-element_type=\"widget\" data-e-type=\"widget\" data-settings=\"{&quot;_ob_use_harakiri&quot;:&quot;yes&quot;,&quot;_ob_harakiri_writing_mode&quot;:&quot;inherit&quot;,&quot;_ob_postman_use&quot;:&quot;no&quot;,&quot;_ob_widget_stalker_use&quot;:&quot;no&quot;,&quot;_ob_poopart_use&quot;:&quot;yes&quot;,&quot;_ob_shadough_use&quot;:&quot;no&quot;,&quot;_ob_allow_hoveranimator&quot;:&quot;no&quot;}\" data-widget_type=\"text-editor.default\">\n\t\t\t\t<div class=\"elementor-widget-container\">\n\t\t\t\t\t\t\t\t\t<p>Enrico Riva Gesch\u00e4ftsf\u00fchrer Banco BPM &#8211; Centro Imprese NO &#8211; VC<\/p>\n\t\t\t\t\t\t\t\t<\/div>\n\t\t\t\t<\/div>\n\t\t\t\t<div class=\"elementor-element elementor-element-3f51c60 ob-harakiri-inherit ob-has-background-overlay elementor-widget elementor-widget-text-editor\" data-id=\"3f51c60\" data-element_type=\"widget\" data-e-type=\"widget\" data-settings=\"{&quot;_ob_use_harakiri&quot;:&quot;yes&quot;,&quot;_ob_harakiri_writing_mode&quot;:&quot;inherit&quot;,&quot;_ob_postman_use&quot;:&quot;no&quot;,&quot;_ob_widget_stalker_use&quot;:&quot;no&quot;,&quot;_ob_poopart_use&quot;:&quot;yes&quot;,&quot;_ob_shadough_use&quot;:&quot;no&quot;,&quot;_ob_allow_hoveranimator&quot;:&quot;no&quot;}\" data-widget_type=\"text-editor.default\">\n\t\t\t\t<div class=\"elementor-widget-container\">\n\t\t\t\t\t\t\t\t\t<p>&#8222;A. Brivio Compensati S.p.A. ist seit 1977 ein historischer und zuverl\u00e4ssiger Kunde der Banco BPM. Die starke Verwurzelung unseres Instituts mit dem lokalen Unternehmensgef\u00fcge und insbesondere mit der Familie Brivio ist f\u00fcr uns eine Quelle des Stolzes und der gegenseitigen Wertsch\u00e4tzung. Wir freuen uns darauf, das Unternehmen auch weiterhin in seinem Wachstum und seiner Entwicklung zu unterst\u00fctzen.&#8220;<\/p>\n\t\t\t\t\t\t\t\t<\/div>\n\t\t\t\t<\/div>\n\t\t\t\t\t<\/div>\n\t\t<\/div>\n\t\t\t\t\t<\/div>\n\t\t<\/section>\n\t\t\t\t<section class=\"elementor-section elementor-top-section elementor-element elementor-element-e54f83d elementor-reverse-mobile elementor-section-boxed elementor-section-height-default elementor-section-height-default\" data-id=\"e54f83d\" data-element_type=\"section\" data-e-type=\"section\" data-settings=\"{&quot;_ob_glider_is_slider&quot;:&quot;no&quot;}\">\n\t\t\t\t\t\t<div class=\"elementor-container elementor-column-gap-default\">\n\t\t\t\t\t<div class=\"elementor-column elementor-col-50 elementor-top-column elementor-element elementor-element-81f0100\" data-id=\"81f0100\" data-element_type=\"column\" data-e-type=\"column\" data-settings=\"{&quot;background_background&quot;:&quot;classic&quot;,&quot;_ob_column_hoveranimator&quot;:&quot;no&quot;,&quot;_ob_column_has_pseudo&quot;:&quot;no&quot;}\">\n\t\t\t<div class=\"elementor-widget-wrap elementor-element-populated\">\n\t\t\t\t\t\t<div class=\"elementor-element elementor-element-e9bab2e ob-harakiri-inherit ob-has-background-overlay elementor-widget elementor-widget-text-editor\" data-id=\"e9bab2e\" data-element_type=\"widget\" data-e-type=\"widget\" data-settings=\"{&quot;_ob_use_harakiri&quot;:&quot;yes&quot;,&quot;_ob_harakiri_writing_mode&quot;:&quot;inherit&quot;,&quot;_ob_postman_use&quot;:&quot;no&quot;,&quot;_ob_widget_stalker_use&quot;:&quot;no&quot;,&quot;_ob_poopart_use&quot;:&quot;yes&quot;,&quot;_ob_shadough_use&quot;:&quot;no&quot;,&quot;_ob_allow_hoveranimator&quot;:&quot;no&quot;}\" data-widget_type=\"text-editor.default\">\n\t\t\t\t<div class=\"elementor-widget-container\">\n\t\t\t\t\t\t\t\t\t<p>Die Worte des B\u00fcrgermeisters von Robbio Roberto Francese<\/p>\n\t\t\t\t\t\t\t\t<\/div>\n\t\t\t\t<\/div>\n\t\t\t\t<div class=\"elementor-element elementor-element-25a333a ob-harakiri-inherit ob-has-background-overlay elementor-widget elementor-widget-text-editor\" data-id=\"25a333a\" data-element_type=\"widget\" data-e-type=\"widget\" data-settings=\"{&quot;_ob_use_harakiri&quot;:&quot;yes&quot;,&quot;_ob_harakiri_writing_mode&quot;:&quot;inherit&quot;,&quot;_ob_postman_use&quot;:&quot;no&quot;,&quot;_ob_widget_stalker_use&quot;:&quot;no&quot;,&quot;_ob_poopart_use&quot;:&quot;yes&quot;,&quot;_ob_shadough_use&quot;:&quot;no&quot;,&quot;_ob_allow_hoveranimator&quot;:&quot;no&quot;}\" data-widget_type=\"text-editor.default\">\n\t\t\t\t<div class=\"elementor-widget-container\">\n\t\t\t\t\t\t\t\t\t<p>&#8222;Ich bin der B\u00fcrgermeister von Robbio. Wie Sie hinter mir sehen k\u00f6nnen, befinde ich mich inmitten eines wundersch\u00f6nen Pappelhains. Heute spreche ich zu Ihnen \u00fcber Brivio Compensati, ein historisches Unternehmen in unserer Stadt, ein gesundes, wettbewerbsf\u00e4higes Unternehmen, das seit Jahren viele Menschen besch\u00e4ftigt.  <br \/>Dank Brivio Compensati und einem \u00f6kologisch nachhaltigen Ansatz pflanzen viele Landwirte in der Region Pappeln an und tragen so dazu bei, die Luft zu reinigen, das Land zu versch\u00f6nern und eine wichtige Artenvielfalt zu gew\u00e4hrleisten.<br \/>Leider ist sie wirtschaftlich manchmal weniger wettbewerbsf\u00e4hig als andere Ackerkulturen, aber dank des Brivio Compensati, der den Pappelanbau f\u00f6rdert, entscheiden sich immer mehr Menschen daf\u00fcr, diesen edlen Baum zu pflanzen, der vor allem in h\u00fcgeligen Gebieten f\u00fcr Sicherheit sorgt und \u00dcberschwemmungen verhindert. Wir laden alle ein, Pappeln f\u00fcr eine bessere Zukunft zu pflanzen und sich mit Brivio Compensati in Verbindung zu setzen, um Vorschl\u00e4ge f\u00fcr eine Zusammenarbeit zu erhalten. Es ist eine Ehre f\u00fcr uns, dieses Unternehmen zu beherbergen, das seit vielen Jahrzehnten Arbeit und Wohlstand in unserer Region schafft.\u201d  <\/p>\n\t\t\t\t\t\t\t\t<\/div>\n\t\t\t\t<\/div>\n\t\t\t\t\t<\/div>\n\t\t<\/div>\n\t\t\t\t<div class=\"elementor-column elementor-col-50 elementor-top-column elementor-element elementor-element-8185600\" data-id=\"8185600\" data-element_type=\"column\" data-e-type=\"column\" data-settings=\"{&quot;_ob_column_hoveranimator&quot;:&quot;no&quot;,&quot;_ob_column_has_pseudo&quot;:&quot;no&quot;}\">\n\t\t\t<div class=\"elementor-widget-wrap elementor-element-populated\">\n\t\t\t\t\t\t<div class=\"elementor-element elementor-element-b3cc506 elementor-widget__width-auto elementor-widget-mobile__width-initial ob-has-background-overlay elementor-widget elementor-widget-video\" data-id=\"b3cc506\" data-element_type=\"widget\" data-e-type=\"widget\" data-settings=\"{&quot;youtube_url&quot;:&quot;https:\\\/\\\/www.youtube.com\\\/watch?v=IqAEhL7Apcg&quot;,&quot;video_type&quot;:&quot;youtube&quot;,&quot;controls&quot;:&quot;yes&quot;,&quot;_ob_widget_stalker_use&quot;:&quot;no&quot;,&quot;_ob_poopart_use&quot;:&quot;yes&quot;,&quot;_ob_shadough_use&quot;:&quot;no&quot;,&quot;_ob_allow_hoveranimator&quot;:&quot;no&quot;}\" data-widget_type=\"video.default\">\n\t\t\t\t<div class=\"elementor-widget-container\">\n\t\t\t\t\t\t\t<div class=\"elementor-wrapper elementor-open-inline\">\n\t\t\t<div class=\"elementor-video\"><\/div>\t\t<\/div>\n\t\t\t\t\t\t<\/div>\n\t\t\t\t<\/div>\n\t\t\t\t\t<\/div>\n\t\t<\/div>\n\t\t\t\t\t<\/div>\n\t\t<\/section>\n\t\t\t\t<section class=\"elementor-section elementor-top-section elementor-element elementor-element-af06e35 elementor-section-boxed elementor-section-height-default elementor-section-height-default\" data-id=\"af06e35\" data-element_type=\"section\" data-e-type=\"section\" data-settings=\"{&quot;_ob_glider_is_slider&quot;:&quot;no&quot;}\">\n\t\t\t\t\t\t<div class=\"elementor-container elementor-column-gap-default\">\n\t\t\t\t\t<div class=\"elementor-column elementor-col-100 elementor-top-column elementor-element elementor-element-8193a17\" data-id=\"8193a17\" data-element_type=\"column\" data-e-type=\"column\" data-settings=\"{&quot;background_background&quot;:&quot;classic&quot;,&quot;_ob_column_hoveranimator&quot;:&quot;no&quot;,&quot;_ob_column_has_pseudo&quot;:&quot;no&quot;}\">\n\t\t\t<div class=\"elementor-widget-wrap elementor-element-populated\">\n\t\t\t\t\t\t<div class=\"elementor-element elementor-element-266b461 ob-harakiri-inherit ob-has-background-overlay elementor-widget elementor-widget-text-editor\" data-id=\"266b461\" data-element_type=\"widget\" data-e-type=\"widget\" data-settings=\"{&quot;_ob_use_harakiri&quot;:&quot;yes&quot;,&quot;_ob_harakiri_writing_mode&quot;:&quot;inherit&quot;,&quot;_ob_postman_use&quot;:&quot;no&quot;,&quot;_ob_widget_stalker_use&quot;:&quot;no&quot;,&quot;_ob_poopart_use&quot;:&quot;yes&quot;,&quot;_ob_shadough_use&quot;:&quot;no&quot;,&quot;_ob_allow_hoveranimator&quot;:&quot;no&quot;}\" data-widget_type=\"text-editor.default\">\n\t\t\t\t<div class=\"elementor-widget-container\">\n\t\t\t\t\t\t\t\t\t<p>Risi Paolo Leiter Intesa Sanpaolo &#8211; Niederlassung Pavia Enterprise<\/p>\n\t\t\t\t\t\t\t\t<\/div>\n\t\t\t\t<\/div>\n\t\t\t\t<div class=\"elementor-element elementor-element-b1e0962 ob-harakiri-inherit ob-has-background-overlay elementor-widget elementor-widget-text-editor\" data-id=\"b1e0962\" data-element_type=\"widget\" data-e-type=\"widget\" data-settings=\"{&quot;_ob_use_harakiri&quot;:&quot;yes&quot;,&quot;_ob_harakiri_writing_mode&quot;:&quot;inherit&quot;,&quot;_ob_postman_use&quot;:&quot;no&quot;,&quot;_ob_widget_stalker_use&quot;:&quot;no&quot;,&quot;_ob_poopart_use&quot;:&quot;yes&quot;,&quot;_ob_shadough_use&quot;:&quot;no&quot;,&quot;_ob_allow_hoveranimator&quot;:&quot;no&quot;}\" data-widget_type=\"text-editor.default\">\n\t\t\t\t<div class=\"elementor-widget-container\">\n\t\t\t\t\t\t\t\t\t<p>&#8222;Ein historisches Unternehmen in der Wirtschaftsszene von Pavia, das seit mehr als 30 Jahren bekannt ist und verfolgt wird, das einen guten Ruf genie\u00dft und von dem man annimmt, dass es in der Lage ist, seine Verpflichtungen p\u00fcnktlich zu erf\u00fcllen. Es handelt sich um eine gut etablierte Beziehung mit historischen und dauerhaften Urspr\u00fcngen. Die Beziehung zu unserem Institut ist durch ein H\u00f6chstma\u00df an Regelm\u00e4\u00dfigkeit und Fairness gekennzeichnet.&#8220;  <\/p>\n\t\t\t\t\t\t\t\t<\/div>\n\t\t\t\t<\/div>\n\t\t\t\t\t<\/div>\n\t\t<\/div>\n\t\t\t\t\t<\/div>\n\t\t<\/section>\n\t\t\t\t<section class=\"elementor-section elementor-top-section elementor-element elementor-element-925479e elementor-section-boxed elementor-section-height-default elementor-section-height-default\" data-id=\"925479e\" data-element_type=\"section\" data-e-type=\"section\" data-settings=\"{&quot;_ob_glider_is_slider&quot;:&quot;no&quot;}\">\n\t\t\t\t\t\t<div class=\"elementor-container elementor-column-gap-default\">\n\t\t\t\t\t<div class=\"elementor-column elementor-col-100 elementor-top-column elementor-element elementor-element-f83699f\" data-id=\"f83699f\" data-element_type=\"column\" data-e-type=\"column\" data-settings=\"{&quot;background_background&quot;:&quot;classic&quot;,&quot;_ob_column_hoveranimator&quot;:&quot;no&quot;,&quot;_ob_column_has_pseudo&quot;:&quot;no&quot;}\">\n\t\t\t<div class=\"elementor-widget-wrap elementor-element-populated\">\n\t\t\t\t\t\t<div class=\"elementor-element elementor-element-1db9db6 ob-has-background-overlay elementor-widget elementor-widget-image\" data-id=\"1db9db6\" data-element_type=\"widget\" data-e-type=\"widget\" data-settings=\"{&quot;_ob_photomorph_use&quot;:&quot;no&quot;,&quot;_ob_widget_stalker_use&quot;:&quot;no&quot;,&quot;_ob_poopart_use&quot;:&quot;yes&quot;,&quot;_ob_shadough_use&quot;:&quot;no&quot;,&quot;_ob_allow_hoveranimator&quot;:&quot;no&quot;}\" data-widget_type=\"image.default\">\n\t\t\t\t<div class=\"elementor-widget-container\">\n\t\t\t\t\t\t\t\t\t\t\t\t\t\t\t<img loading=\"lazy\" decoding=\"async\" width=\"272\" height=\"302\" src=\"https:\/\/www.brivio.it\/wp-content\/uploads\/2023\/10\/logo-manifaktura2x.png\" class=\"attachment-large size-large wp-image-2503\" alt=\"\" srcset=\"https:\/\/www.brivio.it\/wp-content\/uploads\/2023\/10\/logo-manifaktura2x.png 272w, https:\/\/www.brivio.it\/wp-content\/uploads\/2023\/10\/logo-manifaktura2x-270x300.png 270w\" sizes=\"(max-width: 272px) 100vw, 272px\" \/>\t\t\t\t\t\t\t\t\t\t\t\t\t\t\t<\/div>\n\t\t\t\t<\/div>\n\t\t\t\t<div class=\"elementor-element elementor-element-da61067 ob-harakiri-inherit ob-has-background-overlay elementor-widget elementor-widget-text-editor\" data-id=\"da61067\" data-element_type=\"widget\" data-e-type=\"widget\" data-settings=\"{&quot;_ob_use_harakiri&quot;:&quot;yes&quot;,&quot;_ob_harakiri_writing_mode&quot;:&quot;inherit&quot;,&quot;_ob_postman_use&quot;:&quot;no&quot;,&quot;_ob_widget_stalker_use&quot;:&quot;no&quot;,&quot;_ob_poopart_use&quot;:&quot;yes&quot;,&quot;_ob_shadough_use&quot;:&quot;no&quot;,&quot;_ob_allow_hoveranimator&quot;:&quot;no&quot;}\" data-widget_type=\"text-editor.default\">\n\t\t\t\t<div class=\"elementor-widget-container\">\n\t\t\t\t\t\t\t\t\t<p>Dr. Alessandra Cecchini CEO Manifaktura S.r.l.<\/p>\n\t\t\t\t\t\t\t\t<\/div>\n\t\t\t\t<\/div>\n\t\t\t\t<div class=\"elementor-element elementor-element-d867343 ob-harakiri-inherit ob-has-background-overlay elementor-widget elementor-widget-text-editor\" data-id=\"d867343\" data-element_type=\"widget\" data-e-type=\"widget\" data-settings=\"{&quot;_ob_use_harakiri&quot;:&quot;yes&quot;,&quot;_ob_harakiri_writing_mode&quot;:&quot;inherit&quot;,&quot;_ob_postman_use&quot;:&quot;no&quot;,&quot;_ob_widget_stalker_use&quot;:&quot;no&quot;,&quot;_ob_poopart_use&quot;:&quot;yes&quot;,&quot;_ob_shadough_use&quot;:&quot;no&quot;,&quot;_ob_allow_hoveranimator&quot;:&quot;no&quot;}\" data-widget_type=\"text-editor.default\">\n\t\t\t\t<div class=\"elementor-widget-container\">\n\t\t\t\t\t\t\t\t\t<p>\u201cLa Brivio Compensati, con cui collaboriamo da diversi anni, \u00e8 un\u2019azienda dinamica, con solidi valori, che sa coniugare tradizione e innovazione.<\/p>\n<p>In particolare noi di Manifaktura, che siamo una startup innovativa che ha per mission quella di accompagnare le aziende verso percorsi di open innovation e sostenibilit\u00e0, abbiamo da sempre affiancato la Brivio compensati sui temi di economia circolare con particolare attenzione allo studio del ciclo di vita del pannello compensato (LCA) e alla ricerca di nuovi prodotti bio e senza l\u2019utilizzo di formaldeide.\u201d<\/p>\n\t\t\t\t\t\t\t\t<\/div>\n\t\t\t\t<\/div>\n\t\t\t\t\t<\/div>\n\t\t<\/div>\n\t\t\t\t\t<\/div>\n\t\t<\/section>\n\t\t\t\t<section class=\"elementor-section elementor-top-section elementor-element elementor-element-2c01128 elementor-section-boxed elementor-section-height-default elementor-section-height-default\" data-id=\"2c01128\" data-element_type=\"section\" data-e-type=\"section\" data-settings=\"{&quot;_ob_glider_is_slider&quot;:&quot;no&quot;}\">\n\t\t\t\t\t\t<div class=\"elementor-container elementor-column-gap-default\">\n\t\t\t\t\t<div class=\"elementor-column elementor-col-100 elementor-top-column elementor-element elementor-element-b51473a\" data-id=\"b51473a\" data-element_type=\"column\" data-e-type=\"column\" data-settings=\"{&quot;background_background&quot;:&quot;classic&quot;,&quot;_ob_column_hoveranimator&quot;:&quot;no&quot;,&quot;_ob_column_has_pseudo&quot;:&quot;no&quot;}\">\n\t\t\t<div class=\"elementor-widget-wrap elementor-element-populated\">\n\t\t\t\t\t\t<div class=\"elementor-element elementor-element-54e08f9 ob-harakiri-inherit ob-has-background-overlay elementor-widget elementor-widget-text-editor\" data-id=\"54e08f9\" data-element_type=\"widget\" data-e-type=\"widget\" data-settings=\"{&quot;_ob_use_harakiri&quot;:&quot;yes&quot;,&quot;_ob_harakiri_writing_mode&quot;:&quot;inherit&quot;,&quot;_ob_postman_use&quot;:&quot;no&quot;,&quot;_ob_widget_stalker_use&quot;:&quot;no&quot;,&quot;_ob_poopart_use&quot;:&quot;yes&quot;,&quot;_ob_shadough_use&quot;:&quot;no&quot;,&quot;_ob_allow_hoveranimator&quot;:&quot;no&quot;}\" data-widget_type=\"text-editor.default\">\n\t\t\t\t<div class=\"elementor-widget-container\">\n\t\t\t\t\t\t\t\t\t<p>Vittorio Porporato Inhaber Porporato Vittorio &amp; Figlio S.r.l<\/p>\n\t\t\t\t\t\t\t\t<\/div>\n\t\t\t\t<\/div>\n\t\t\t\t<div class=\"elementor-element elementor-element-bd26cab ob-harakiri-inherit ob-has-background-overlay elementor-widget elementor-widget-text-editor\" data-id=\"bd26cab\" data-element_type=\"widget\" data-e-type=\"widget\" data-settings=\"{&quot;_ob_use_harakiri&quot;:&quot;yes&quot;,&quot;_ob_harakiri_writing_mode&quot;:&quot;inherit&quot;,&quot;_ob_postman_use&quot;:&quot;no&quot;,&quot;_ob_widget_stalker_use&quot;:&quot;no&quot;,&quot;_ob_poopart_use&quot;:&quot;yes&quot;,&quot;_ob_shadough_use&quot;:&quot;no&quot;,&quot;_ob_allow_hoveranimator&quot;:&quot;no&quot;}\" data-widget_type=\"text-editor.default\">\n\t\t\t\t<div class=\"elementor-widget-container\">\n\t\t\t\t\t\t\t\t\t<p>\u201cSono Vittorio Porporato, titolare della societ\u00e0 Porporato Vittorio &amp; figlio Srl, operante da tre generazioni nell\u2019ambito del commercio agro-forestale.<\/p>\n<p>Tra i nostri principali clienti, siamo felici di annoverare la A. Brivio Compensati Spa, con la quale la nostra collaborazione dura ormai da oltre trent\u2019anni.<\/p>\n<p>La forza di questo rapporto cos\u00ec duraturo, risiede nel fatto che, oltre all\u2019estrema seriet\u00e0 e solidit\u00e0 che la Brivio infonde, si \u00e8 riusciti a costruire una sinergia a 360 gradi, dove, oltre a scambiarsi regolarmente pareri ed informazioni su quelle che sono le dinamiche, sempre pi\u00f9 complicate, del nostro mercato, c\u2019\u00e8 una reciproca disponibilit\u00e0 a far s\u00ec che, nonostante il mercato possa essere favorevole ad una o all\u2019altra parte, si riesca sempre a venirsi incontro in funzione delle rispettive esigenze.<\/p>\n<p>Fiduciosi del fatto che la nostra collaborazione possa durare ancora per parecchi anni, auguriamo alla A.Brivio Spa un buon lavoro, e di continuare ad essere un punto di riferimento tra i leader del nostro settore.\u201c<\/p>\n\t\t\t\t\t\t\t\t<\/div>\n\t\t\t\t<\/div>\n\t\t\t\t\t<\/div>\n\t\t<\/div>\n\t\t\t\t\t<\/div>\n\t\t<\/section>\n\t\t\t\t<section class=\"elementor-section elementor-top-section elementor-element elementor-element-3e82b6f elementor-reverse-mobile elementor-section-boxed elementor-section-height-default elementor-section-height-default\" data-id=\"3e82b6f\" data-element_type=\"section\" data-e-type=\"section\" data-settings=\"{&quot;_ob_glider_is_slider&quot;:&quot;no&quot;}\">\n\t\t\t\t\t\t<div class=\"elementor-container elementor-column-gap-default\">\n\t\t\t\t\t<div class=\"elementor-column elementor-col-50 elementor-top-column elementor-element elementor-element-c8c0c42\" data-id=\"c8c0c42\" data-element_type=\"column\" data-e-type=\"column\" data-settings=\"{&quot;background_background&quot;:&quot;classic&quot;,&quot;_ob_column_hoveranimator&quot;:&quot;no&quot;,&quot;_ob_column_has_pseudo&quot;:&quot;no&quot;}\">\n\t\t\t<div class=\"elementor-widget-wrap elementor-element-populated\">\n\t\t\t\t\t\t<div class=\"elementor-element elementor-element-066ed3f ob-has-background-overlay elementor-widget elementor-widget-image\" data-id=\"066ed3f\" data-element_type=\"widget\" data-e-type=\"widget\" data-settings=\"{&quot;_ob_photomorph_use&quot;:&quot;no&quot;,&quot;_ob_widget_stalker_use&quot;:&quot;no&quot;,&quot;_ob_poopart_use&quot;:&quot;yes&quot;,&quot;_ob_shadough_use&quot;:&quot;no&quot;,&quot;_ob_allow_hoveranimator&quot;:&quot;no&quot;}\" data-widget_type=\"image.default\">\n\t\t\t\t<div class=\"elementor-widget-container\">\n\t\t\t\t\t\t\t\t\t\t\t\t\t\t\t<img loading=\"lazy\" decoding=\"async\" width=\"438\" height=\"378\" src=\"https:\/\/www.brivio.it\/wp-content\/uploads\/2023\/10\/Logo-istituto-comprensivo-robbio.jpg\" class=\"attachment-large size-large wp-image-2507\" alt=\"\" srcset=\"https:\/\/www.brivio.it\/wp-content\/uploads\/2023\/10\/Logo-istituto-comprensivo-robbio.jpg 438w, https:\/\/www.brivio.it\/wp-content\/uploads\/2023\/10\/Logo-istituto-comprensivo-robbio-300x259.jpg 300w\" sizes=\"(max-width: 438px) 100vw, 438px\" \/>\t\t\t\t\t\t\t\t\t\t\t\t\t\t\t<\/div>\n\t\t\t\t<\/div>\n\t\t\t\t<div class=\"elementor-element elementor-element-7763677 ob-harakiri-inherit ob-has-background-overlay elementor-widget elementor-widget-text-editor\" data-id=\"7763677\" data-element_type=\"widget\" data-e-type=\"widget\" data-settings=\"{&quot;_ob_use_harakiri&quot;:&quot;yes&quot;,&quot;_ob_harakiri_writing_mode&quot;:&quot;inherit&quot;,&quot;_ob_postman_use&quot;:&quot;no&quot;,&quot;_ob_widget_stalker_use&quot;:&quot;no&quot;,&quot;_ob_poopart_use&quot;:&quot;yes&quot;,&quot;_ob_shadough_use&quot;:&quot;no&quot;,&quot;_ob_allow_hoveranimator&quot;:&quot;no&quot;}\" data-widget_type=\"text-editor.default\">\n\t\t\t\t<div class=\"elementor-widget-container\">\n\t\t\t\t\t\t\t\t\t<p>Dr. Maria di Benedetto Schulleiter Istituto Comprensivo Robbio<\/p>\n\t\t\t\t\t\t\t\t<\/div>\n\t\t\t\t<\/div>\n\t\t\t\t<div class=\"elementor-element elementor-element-6cd2883 ob-harakiri-inherit ob-has-background-overlay elementor-widget elementor-widget-text-editor\" data-id=\"6cd2883\" data-element_type=\"widget\" data-e-type=\"widget\" data-settings=\"{&quot;_ob_use_harakiri&quot;:&quot;yes&quot;,&quot;_ob_harakiri_writing_mode&quot;:&quot;inherit&quot;,&quot;_ob_postman_use&quot;:&quot;no&quot;,&quot;_ob_widget_stalker_use&quot;:&quot;no&quot;,&quot;_ob_poopart_use&quot;:&quot;yes&quot;,&quot;_ob_shadough_use&quot;:&quot;no&quot;,&quot;_ob_allow_hoveranimator&quot;:&quot;no&quot;}\" data-widget_type=\"text-editor.default\">\n\t\t\t\t<div class=\"elementor-widget-container\">\n\t\t\t\t\t\t\t\t\t<p>&#8222;Seit Jahren z\u00e4hlen wir auf die Vergabe der &#8222;BRIVIO- PREVE&#8220;-Stipendien an verdiente Sch\u00fcler des Gymnasiums der E. Fermi-Gymnasiums in Robbio.&#8220;<\/p>\n<p><a href=\"https:\/\/www.brivio.it\/wp-content\/uploads\/2023\/10\/Lettera-Dirigente.pdf\" target=\"_blank\" rel=\"noopener\"><span style=\"text-decoration: underline; color: #98bf0e;\"><strong>Lesen Sie den ganzen Brief<\/strong><\/span><\/a><\/p>\n\t\t\t\t\t\t\t\t<\/div>\n\t\t\t\t<\/div>\n\t\t\t\t\t<\/div>\n\t\t<\/div>\n\t\t\t\t<div class=\"elementor-column elementor-col-50 elementor-top-column elementor-element elementor-element-ee27ecb\" data-id=\"ee27ecb\" data-element_type=\"column\" data-e-type=\"column\" data-settings=\"{&quot;_ob_column_hoveranimator&quot;:&quot;no&quot;,&quot;_ob_column_has_pseudo&quot;:&quot;no&quot;}\">\n\t\t\t<div class=\"elementor-widget-wrap elementor-element-populated\">\n\t\t\t\t\t\t<div class=\"elementor-element elementor-element-31c691c elementor-widget__width-auto ob-has-background-overlay elementor-widget elementor-widget-image\" data-id=\"31c691c\" data-element_type=\"widget\" data-e-type=\"widget\" data-settings=\"{&quot;_ob_photomorph_use&quot;:&quot;no&quot;,&quot;_ob_widget_stalker_use&quot;:&quot;no&quot;,&quot;_ob_poopart_use&quot;:&quot;yes&quot;,&quot;_ob_shadough_use&quot;:&quot;no&quot;,&quot;_ob_allow_hoveranimator&quot;:&quot;no&quot;}\" data-widget_type=\"image.default\">\n\t\t\t\t<div class=\"elementor-widget-container\">\n\t\t\t\t\t\t\t\t\t\t\t\t\t\t\t<img loading=\"lazy\" decoding=\"async\" width=\"790\" height=\"1024\" src=\"https:\/\/www.brivio.it\/wp-content\/uploads\/2023\/10\/Anteprima-lettera-dirigente-robbio-brivio-compensati-790x1024.jpg\" class=\"attachment-large size-large wp-image-2510\" alt=\"\" srcset=\"https:\/\/www.brivio.it\/wp-content\/uploads\/2023\/10\/Anteprima-lettera-dirigente-robbio-brivio-compensati-790x1024.jpg 790w, https:\/\/www.brivio.it\/wp-content\/uploads\/2023\/10\/Anteprima-lettera-dirigente-robbio-brivio-compensati-600x778.jpg 600w, https:\/\/www.brivio.it\/wp-content\/uploads\/2023\/10\/Anteprima-lettera-dirigente-robbio-brivio-compensati-231x300.jpg 231w, https:\/\/www.brivio.it\/wp-content\/uploads\/2023\/10\/Anteprima-lettera-dirigente-robbio-brivio-compensati-768x995.jpg 768w, https:\/\/www.brivio.it\/wp-content\/uploads\/2023\/10\/Anteprima-lettera-dirigente-robbio-brivio-compensati-1185x1536.jpg 1185w, https:\/\/www.brivio.it\/wp-content\/uploads\/2023\/10\/Anteprima-lettera-dirigente-robbio-brivio-compensati.jpg 1304w\" sizes=\"(max-width: 790px) 100vw, 790px\" \/>\t\t\t\t\t\t\t\t\t\t\t\t\t\t\t<\/div>\n\t\t\t\t<\/div>\n\t\t\t\t\t<\/div>\n\t\t<\/div>\n\t\t\t\t\t<\/div>\n\t\t<\/section>\n\t\t\t\t<section class=\"elementor-section elementor-top-section elementor-element elementor-element-ea1a98a elementor-section-boxed elementor-section-height-default elementor-section-height-default\" data-id=\"ea1a98a\" data-element_type=\"section\" data-e-type=\"section\" data-settings=\"{&quot;_ob_glider_is_slider&quot;:&quot;no&quot;}\">\n\t\t\t\t\t\t<div class=\"elementor-container elementor-column-gap-default\">\n\t\t\t\t\t<div class=\"elementor-column elementor-col-100 elementor-top-column elementor-element elementor-element-0ff07e8\" data-id=\"0ff07e8\" data-element_type=\"column\" data-e-type=\"column\" data-settings=\"{&quot;_ob_column_hoveranimator&quot;:&quot;no&quot;,&quot;_ob_column_has_pseudo&quot;:&quot;no&quot;}\">\n\t\t\t<div class=\"elementor-widget-wrap elementor-element-populated\">\n\t\t\t\t\t\t\t<\/div>\n\t\t<\/div>\n\t\t\t\t\t<\/div>\n\t\t<\/section>\n\t\t\t\t<section class=\"elementor-section elementor-top-section elementor-element elementor-element-3768ef6 elementor-section-boxed elementor-section-height-default elementor-section-height-default\" data-id=\"3768ef6\" data-element_type=\"section\" data-e-type=\"section\" data-settings=\"{&quot;_ob_glider_is_slider&quot;:&quot;no&quot;}\">\n\t\t\t\t\t\t<div class=\"elementor-container elementor-column-gap-default\">\n\t\t\t\t\t<div class=\"elementor-column elementor-col-100 elementor-top-column elementor-element elementor-element-1528fda\" data-id=\"1528fda\" data-element_type=\"column\" data-e-type=\"column\" data-settings=\"{&quot;background_background&quot;:&quot;classic&quot;,&quot;_ob_column_hoveranimator&quot;:&quot;no&quot;,&quot;_ob_column_has_pseudo&quot;:&quot;no&quot;}\">\n\t\t\t<div class=\"elementor-widget-wrap elementor-element-populated\">\n\t\t\t\t\t\t<div class=\"elementor-element elementor-element-d46d9be ob-has-background-overlay elementor-widget elementor-widget-image\" data-id=\"d46d9be\" data-element_type=\"widget\" data-e-type=\"widget\" data-settings=\"{&quot;_ob_photomorph_use&quot;:&quot;no&quot;,&quot;_ob_widget_stalker_use&quot;:&quot;no&quot;,&quot;_ob_poopart_use&quot;:&quot;yes&quot;,&quot;_ob_shadough_use&quot;:&quot;no&quot;,&quot;_ob_allow_hoveranimator&quot;:&quot;no&quot;}\" data-widget_type=\"image.default\">\n\t\t\t\t<div class=\"elementor-widget-container\">\n\t\t\t\t\t\t\t\t\t\t\t\t\t\t\t<img loading=\"lazy\" decoding=\"async\" width=\"167\" height=\"89\" src=\"https:\/\/www.brivio.it\/wp-content\/uploads\/2023\/11\/logoFederlegnoarredo.png\" class=\"attachment-large size-large wp-image-3431\" alt=\"\" \/>\t\t\t\t\t\t\t\t\t\t\t\t\t\t\t<\/div>\n\t\t\t\t<\/div>\n\t\t\t\t<div class=\"elementor-element elementor-element-2a2a87d ob-harakiri-inherit ob-has-background-overlay elementor-widget elementor-widget-text-editor\" data-id=\"2a2a87d\" data-element_type=\"widget\" data-e-type=\"widget\" data-settings=\"{&quot;_ob_use_harakiri&quot;:&quot;yes&quot;,&quot;_ob_harakiri_writing_mode&quot;:&quot;inherit&quot;,&quot;_ob_postman_use&quot;:&quot;no&quot;,&quot;_ob_widget_stalker_use&quot;:&quot;no&quot;,&quot;_ob_poopart_use&quot;:&quot;yes&quot;,&quot;_ob_shadough_use&quot;:&quot;no&quot;,&quot;_ob_allow_hoveranimator&quot;:&quot;no&quot;}\" data-widget_type=\"text-editor.default\">\n\t\t\t\t<div class=\"elementor-widget-container\">\n\t\t\t\t\t\t\t\t\t<p>Dr. Angela Lembo, Leiter des Bereichs Holz bei FederlegnoArredo<\/p>\n\t\t\t\t\t\t\t\t<\/div>\n\t\t\t\t<\/div>\n\t\t\t\t<div class=\"elementor-element elementor-element-f8d5ae0 ob-harakiri-inherit ob-has-background-overlay elementor-widget elementor-widget-text-editor\" data-id=\"f8d5ae0\" data-element_type=\"widget\" data-e-type=\"widget\" data-settings=\"{&quot;_ob_use_harakiri&quot;:&quot;yes&quot;,&quot;_ob_harakiri_writing_mode&quot;:&quot;inherit&quot;,&quot;_ob_postman_use&quot;:&quot;no&quot;,&quot;_ob_widget_stalker_use&quot;:&quot;no&quot;,&quot;_ob_poopart_use&quot;:&quot;yes&quot;,&quot;_ob_shadough_use&quot;:&quot;no&quot;,&quot;_ob_allow_hoveranimator&quot;:&quot;no&quot;}\" data-widget_type=\"text-editor.default\">\n\t\t\t\t<div class=\"elementor-widget-container\">\n\t\t\t\t\t\t\t\t\t<p>&#8222;Ein modernes und wettbewerbsf\u00e4higes Unternehmen, das auf europ\u00e4ischer Ebene ein wichtiger Akteur ist, dem es trotz allem gelungen ist, nicht nur seine famili\u00e4ren Bindungen in einem soliden, ungeteilten Besitz zu erhalten, sondern auch mit dem umliegenden Gebiet, in dem es seine Wurzeln hat.<\/p>\n<p>Materialien von hohem Wert und hoher Effizienz werden aus einem nachhaltigen Rohstoff im eigenen Haus hergestellt.<\/p>\n<p>Auch dank der kontinuierlichen Investitionen und der Sorgfalt bei der Auswahl der Rohstoffe steht das Unternehmen im Mittelpunkt des Interesses des Marktes, der zwar ins Ausland blickt, aber immer den Nutzen f\u00fcr die Umwelt im Auge beh\u00e4lt, in der er sich bewegt.&#8220;<\/p>\n\t\t\t\t\t\t\t\t<\/div>\n\t\t\t\t<\/div>\n\t\t\t\t\t<\/div>\n\t\t<\/div>\n\t\t\t\t\t<\/div>\n\t\t<\/section>\n\t\t\t\t<\/div>\n\t\t","protected":false},"excerpt":{"rendered":"<p>Sie sagen \u00fcber uns Die Gr\u00fcnde, warum unsere Stakeholder &#8211; Kunden, Lieferanten, Partner &#8211; gerne mit uns zusammenarbeiten. J\u00fcrgen V\u00f6hringer, Gesch\u00e4ftsf\u00fchrer von V\u00f6hringer Leichtbaul\u00f6sungen sagt \u00fcber uns&#8230; &#8222;Das Unternehmen und die Familie Brivio sind seit den 1970er Jahren unsere Partner. Gemeinsam haben wir fruchtbare und schwierige Zeiten erlebt. Bis heute basiert unsere Beziehung auf Vertrauen, [&hellip;]<\/p>\n","protected":false},"author":3,"featured_media":0,"parent":0,"menu_order":0,"comment_status":"closed","ping_status":"closed","template":"","meta":{"_acf_changed":false,"footnotes":""},"class_list":["post-2739","page","type-page","status-publish","hentry"],"acf":[],"yoast_head":"<!-- This site is optimized with the Yoast SEO plugin v27.5 - https:\/\/yoast.com\/product\/yoast-seo-wordpress\/ -->\n<title>Sie sagen \u00fcber uns | A. Brivio Compensati S.p.A.<\/title>\n<meta name=\"robots\" content=\"index, follow, max-snippet:-1, max-image-preview:large, max-video-preview:-1\" \/>\n<link rel=\"canonical\" href=\"https:\/\/www.brivio.it\/de\/testimonials\/\" \/>\n<meta property=\"og:locale\" content=\"de_DE\" \/>\n<meta property=\"og:type\" content=\"article\" \/>\n<meta property=\"og:title\" content=\"Sie sagen \u00fcber uns | A. Brivio Compensati S.p.A.\" \/>\n<meta property=\"og:description\" content=\"Sie sagen \u00fcber uns Die Gr\u00fcnde, warum unsere Stakeholder &#8211; Kunden, Lieferanten, Partner &#8211; gerne mit uns zusammenarbeiten. J\u00fcrgen V\u00f6hringer, Gesch\u00e4ftsf\u00fchrer von V\u00f6hringer Leichtbaul\u00f6sungen sagt \u00fcber uns&#8230; &#8222;Das Unternehmen und die Familie Brivio sind seit den 1970er Jahren unsere Partner. Gemeinsam haben wir fruchtbare und schwierige Zeiten erlebt. Bis heute basiert unsere Beziehung auf Vertrauen, [&hellip;]\" \/>\n<meta property=\"og:url\" content=\"https:\/\/www.brivio.it\/de\/testimonials\/\" \/>\n<meta property=\"og:site_name\" content=\"A. Brivio Compensati S.p.A.\" \/>\n<meta property=\"article:modified_time\" content=\"2023-11-28T14:56:15+00:00\" \/>\n<meta property=\"og:image\" content=\"https:\/\/www.brivio.it\/wp-content\/uploads\/2023\/07\/wort_b.svg\" \/>\n<meta name=\"twitter:card\" content=\"summary_large_image\" \/>\n<meta name=\"twitter:label1\" content=\"Gesch\u00e4tzte Lesezeit\" \/>\n\t<meta name=\"twitter:data1\" content=\"8\u00a0Minuten\" \/>\n<script type=\"application\/ld+json\" class=\"yoast-schema-graph\">{\"@context\":\"https:\\\/\\\/schema.org\",\"@graph\":[{\"@type\":\"WebPage\",\"@id\":\"https:\\\/\\\/www.brivio.it\\\/de\\\/testimonials\\\/\",\"url\":\"https:\\\/\\\/www.brivio.it\\\/de\\\/testimonials\\\/\",\"name\":\"Sie sagen \u00fcber uns | A. Brivio Compensati S.p.A.\",\"isPartOf\":{\"@id\":\"https:\\\/\\\/www.brivio.it\\\/#website\"},\"primaryImageOfPage\":{\"@id\":\"https:\\\/\\\/www.brivio.it\\\/de\\\/testimonials\\\/#primaryimage\"},\"image\":{\"@id\":\"https:\\\/\\\/www.brivio.it\\\/de\\\/testimonials\\\/#primaryimage\"},\"thumbnailUrl\":\"https:\\\/\\\/www.brivio.it\\\/wp-content\\\/uploads\\\/2023\\\/07\\\/wort_b.svg\",\"datePublished\":\"2023-07-19T09:10:42+00:00\",\"dateModified\":\"2023-11-28T14:56:15+00:00\",\"breadcrumb\":{\"@id\":\"https:\\\/\\\/www.brivio.it\\\/de\\\/testimonials\\\/#breadcrumb\"},\"inLanguage\":\"de\",\"potentialAction\":[{\"@type\":\"ReadAction\",\"target\":[\"https:\\\/\\\/www.brivio.it\\\/de\\\/testimonials\\\/\"]}]},{\"@type\":\"ImageObject\",\"inLanguage\":\"de\",\"@id\":\"https:\\\/\\\/www.brivio.it\\\/de\\\/testimonials\\\/#primaryimage\",\"url\":\"https:\\\/\\\/www.brivio.it\\\/wp-content\\\/uploads\\\/2023\\\/07\\\/wort_b.svg\",\"contentUrl\":\"https:\\\/\\\/www.brivio.it\\\/wp-content\\\/uploads\\\/2023\\\/07\\\/wort_b.svg\"},{\"@type\":\"BreadcrumbList\",\"@id\":\"https:\\\/\\\/www.brivio.it\\\/de\\\/testimonials\\\/#breadcrumb\",\"itemListElement\":[{\"@type\":\"ListItem\",\"position\":1,\"name\":\"Home\",\"item\":\"https:\\\/\\\/www.brivio.it\\\/de\\\/\"},{\"@type\":\"ListItem\",\"position\":2,\"name\":\"Sie sagen \u00fcber uns\"}]},{\"@type\":\"WebSite\",\"@id\":\"https:\\\/\\\/www.brivio.it\\\/#website\",\"url\":\"https:\\\/\\\/www.brivio.it\\\/\",\"name\":\"A. Brivio Compensati S.p.A.\",\"description\":\"La qualit\u00e0 ha solide radici\",\"publisher\":{\"@id\":\"https:\\\/\\\/www.brivio.it\\\/#organization\"},\"potentialAction\":[{\"@type\":\"SearchAction\",\"target\":{\"@type\":\"EntryPoint\",\"urlTemplate\":\"https:\\\/\\\/www.brivio.it\\\/?s={search_term_string}\"},\"query-input\":{\"@type\":\"PropertyValueSpecification\",\"valueRequired\":true,\"valueName\":\"search_term_string\"}}],\"inLanguage\":\"de\"},{\"@type\":\"Organization\",\"@id\":\"https:\\\/\\\/www.brivio.it\\\/#organization\",\"name\":\"A. Brivio Compensati S.p.A.\",\"url\":\"https:\\\/\\\/www.brivio.it\\\/\",\"logo\":{\"@type\":\"ImageObject\",\"inLanguage\":\"de\",\"@id\":\"https:\\\/\\\/www.brivio.it\\\/#\\\/schema\\\/logo\\\/image\\\/\",\"url\":\"https:\\\/\\\/www.brivio.it\\\/wp-content\\\/uploads\\\/2023\\\/02\\\/logo.png\",\"contentUrl\":\"https:\\\/\\\/www.brivio.it\\\/wp-content\\\/uploads\\\/2023\\\/02\\\/logo.png\",\"width\":279,\"height\":104,\"caption\":\"A. Brivio Compensati S.p.A.\"},\"image\":{\"@id\":\"https:\\\/\\\/www.brivio.it\\\/#\\\/schema\\\/logo\\\/image\\\/\"}}]}<\/script>\n<!-- \/ Yoast SEO plugin. -->","yoast_head_json":{"title":"Sie sagen \u00fcber uns | A. Brivio Compensati S.p.A.","robots":{"index":"index","follow":"follow","max-snippet":"max-snippet:-1","max-image-preview":"max-image-preview:large","max-video-preview":"max-video-preview:-1"},"canonical":"https:\/\/www.brivio.it\/de\/testimonials\/","og_locale":"de_DE","og_type":"article","og_title":"Sie sagen \u00fcber uns | A. Brivio Compensati S.p.A.","og_description":"Sie sagen \u00fcber uns Die Gr\u00fcnde, warum unsere Stakeholder &#8211; Kunden, Lieferanten, Partner &#8211; gerne mit uns zusammenarbeiten. J\u00fcrgen V\u00f6hringer, Gesch\u00e4ftsf\u00fchrer von V\u00f6hringer Leichtbaul\u00f6sungen sagt \u00fcber uns&#8230; &#8222;Das Unternehmen und die Familie Brivio sind seit den 1970er Jahren unsere Partner. Gemeinsam haben wir fruchtbare und schwierige Zeiten erlebt. Bis heute basiert unsere Beziehung auf Vertrauen, [&hellip;]","og_url":"https:\/\/www.brivio.it\/de\/testimonials\/","og_site_name":"A. Brivio Compensati S.p.A.","article_modified_time":"2023-11-28T14:56:15+00:00","og_image":[{"url":"https:\/\/www.brivio.it\/wp-content\/uploads\/2023\/07\/wort_b.svg","type":"","width":"","height":""}],"twitter_card":"summary_large_image","twitter_misc":{"Gesch\u00e4tzte Lesezeit":"8\u00a0Minuten"},"schema":{"@context":"https:\/\/schema.org","@graph":[{"@type":"WebPage","@id":"https:\/\/www.brivio.it\/de\/testimonials\/","url":"https:\/\/www.brivio.it\/de\/testimonials\/","name":"Sie sagen \u00fcber uns | A. Brivio Compensati S.p.A.","isPartOf":{"@id":"https:\/\/www.brivio.it\/#website"},"primaryImageOfPage":{"@id":"https:\/\/www.brivio.it\/de\/testimonials\/#primaryimage"},"image":{"@id":"https:\/\/www.brivio.it\/de\/testimonials\/#primaryimage"},"thumbnailUrl":"https:\/\/www.brivio.it\/wp-content\/uploads\/2023\/07\/wort_b.svg","datePublished":"2023-07-19T09:10:42+00:00","dateModified":"2023-11-28T14:56:15+00:00","breadcrumb":{"@id":"https:\/\/www.brivio.it\/de\/testimonials\/#breadcrumb"},"inLanguage":"de","potentialAction":[{"@type":"ReadAction","target":["https:\/\/www.brivio.it\/de\/testimonials\/"]}]},{"@type":"ImageObject","inLanguage":"de","@id":"https:\/\/www.brivio.it\/de\/testimonials\/#primaryimage","url":"https:\/\/www.brivio.it\/wp-content\/uploads\/2023\/07\/wort_b.svg","contentUrl":"https:\/\/www.brivio.it\/wp-content\/uploads\/2023\/07\/wort_b.svg"},{"@type":"BreadcrumbList","@id":"https:\/\/www.brivio.it\/de\/testimonials\/#breadcrumb","itemListElement":[{"@type":"ListItem","position":1,"name":"Home","item":"https:\/\/www.brivio.it\/de\/"},{"@type":"ListItem","position":2,"name":"Sie sagen \u00fcber uns"}]},{"@type":"WebSite","@id":"https:\/\/www.brivio.it\/#website","url":"https:\/\/www.brivio.it\/","name":"A. Brivio Compensati S.p.A.","description":"La qualit\u00e0 ha solide radici","publisher":{"@id":"https:\/\/www.brivio.it\/#organization"},"potentialAction":[{"@type":"SearchAction","target":{"@type":"EntryPoint","urlTemplate":"https:\/\/www.brivio.it\/?s={search_term_string}"},"query-input":{"@type":"PropertyValueSpecification","valueRequired":true,"valueName":"search_term_string"}}],"inLanguage":"de"},{"@type":"Organization","@id":"https:\/\/www.brivio.it\/#organization","name":"A. Brivio Compensati S.p.A.","url":"https:\/\/www.brivio.it\/","logo":{"@type":"ImageObject","inLanguage":"de","@id":"https:\/\/www.brivio.it\/#\/schema\/logo\/image\/","url":"https:\/\/www.brivio.it\/wp-content\/uploads\/2023\/02\/logo.png","contentUrl":"https:\/\/www.brivio.it\/wp-content\/uploads\/2023\/02\/logo.png","width":279,"height":104,"caption":"A. Brivio Compensati S.p.A."},"image":{"@id":"https:\/\/www.brivio.it\/#\/schema\/logo\/image\/"}}]}},"_links":{"self":[{"href":"https:\/\/www.brivio.it\/de\/wp-json\/wp\/v2\/pages\/2739","targetHints":{"allow":["GET"]}}],"collection":[{"href":"https:\/\/www.brivio.it\/de\/wp-json\/wp\/v2\/pages"}],"about":[{"href":"https:\/\/www.brivio.it\/de\/wp-json\/wp\/v2\/types\/page"}],"author":[{"embeddable":true,"href":"https:\/\/www.brivio.it\/de\/wp-json\/wp\/v2\/users\/3"}],"replies":[{"embeddable":true,"href":"https:\/\/www.brivio.it\/de\/wp-json\/wp\/v2\/comments?post=2739"}],"version-history":[{"count":0,"href":"https:\/\/www.brivio.it\/de\/wp-json\/wp\/v2\/pages\/2739\/revisions"}],"wp:attachment":[{"href":"https:\/\/www.brivio.it\/de\/wp-json\/wp\/v2\/media?parent=2739"}],"curies":[{"name":"wp","href":"https:\/\/api.w.org\/{rel}","templated":true}]}}